{"id":616,"date":"2021-02-15T13:38:13","date_gmt":"2021-02-15T12:38:13","guid":{"rendered":"http:\/\/www.piernikarka.pl\/?page_id=616"},"modified":"2024-05-05T17:32:36","modified_gmt":"2024-05-05T15:32:36","slug":"projekty","status":"publish","type":"page","link":"https:\/\/piernikarka.pl\/index.php\/projekty\/","title":{"rendered":"Projekty"},"content":{"rendered":"<p><strong>Aktualny projekt:<\/strong><\/p>\n<h3><span dir=\"ltr\" role=\"presentation\">&#8222;Pierniki w Polsce. \u015aladami piernikarskiego rzemios\u0142a&#8221;.MONOGRAFIA.<\/span><\/h3>\n<h6>Stypendium Tw\u00f3rcze Ministra Kultury i Dziedzictwa Narodowego w dziedzinie &#8222;tw\u00f3rczo\u015b\u0107 ludowa.&#8221;<\/h6>\n<p>&nbsp;<\/p>\n<p>&nbsp;<\/p>\n<figure id=\"attachment_942\" aria-describedby=\"caption-attachment-942\" style=\"width: 940px\" class=\"wp-caption alignnone\"><img loading=\"lazy\" decoding=\"async\" id=\"longdesc-return-942\" class=\"size-full wp-image-942\" tabindex=\"-1\" src=\"https:\/\/piernikarka.pl\/wp-content\/uploads\/2022\/02\/Pierniki-w-Polsce1.jpg\" alt=\"obrazek informacyjny\" width=\"940\" height=\"788\" longdesc=\"https:\/\/piernikarka.pl?longdesc=942&amp;referrer=616\" srcset=\"https:\/\/piernikarka.pl\/wp-content\/uploads\/2022\/02\/Pierniki-w-Polsce1.jpg 940w, https:\/\/piernikarka.pl\/wp-content\/uploads\/2022\/02\/Pierniki-w-Polsce1-300x251.jpg 300w, https:\/\/piernikarka.pl\/wp-content\/uploads\/2022\/02\/Pierniki-w-Polsce1-768x644.jpg 768w, https:\/\/piernikarka.pl\/wp-content\/uploads\/2022\/02\/Pierniki-w-Polsce1-269x226.jpg 269w, https:\/\/piernikarka.pl\/wp-content\/uploads\/2022\/02\/Pierniki-w-Polsce1-24x20.jpg 24w, https:\/\/piernikarka.pl\/wp-content\/uploads\/2022\/02\/Pierniki-w-Polsce1-36x30.jpg 36w, https:\/\/piernikarka.pl\/wp-content\/uploads\/2022\/02\/Pierniki-w-Polsce1-48x40.jpg 48w\" sizes=\"auto, (max-width: 940px) 100vw, 940px\" \/><figcaption id=\"caption-attachment-942\" class=\"wp-caption-text\">Karta tytu\u0142owa projektu &#8222;Pierniki w Polsce. \u015aladami piernikarskiego rzemios\u0142a&#8221;.<\/figcaption><\/figure>\n<p>Tymczasem ju\u017c jest opracowana w ramach stypendium monografia:<\/p>\n<p>&nbsp;<\/p>\n<p>PIERNIKI W POLSCE<\/p>\n<figure id=\"attachment_1391\" aria-describedby=\"caption-attachment-1391\" style=\"width: 212px\" class=\"wp-caption alignnone\"><img loading=\"lazy\" decoding=\"async\" id=\"longdesc-return-1391\" class=\"size-medium wp-image-1391\" tabindex=\"-1\" src=\"https:\/\/piernikarka.pl\/wp-content\/uploads\/2022\/02\/PIERNIKI-W-POLSCE-Anna-Kornelia_okladka-212x300.jpg\" alt=\"Ok\u0142adka ksi\u0105\u017cki\" width=\"212\" height=\"300\" longdesc=\"https:\/\/piernikarka.pl?longdesc=1391&amp;referrer=616\" srcset=\"https:\/\/piernikarka.pl\/wp-content\/uploads\/2022\/02\/PIERNIKI-W-POLSCE-Anna-Kornelia_okladka-212x300.jpg 212w, https:\/\/piernikarka.pl\/wp-content\/uploads\/2022\/02\/PIERNIKI-W-POLSCE-Anna-Kornelia_okladka-724x1024.jpg 724w, https:\/\/piernikarka.pl\/wp-content\/uploads\/2022\/02\/PIERNIKI-W-POLSCE-Anna-Kornelia_okladka-768x1086.jpg 768w, https:\/\/piernikarka.pl\/wp-content\/uploads\/2022\/02\/PIERNIKI-W-POLSCE-Anna-Kornelia_okladka-1086x1536.jpg 1086w, https:\/\/piernikarka.pl\/wp-content\/uploads\/2022\/02\/PIERNIKI-W-POLSCE-Anna-Kornelia_okladka-1448x2048.jpg 1448w, https:\/\/piernikarka.pl\/wp-content\/uploads\/2022\/02\/PIERNIKI-W-POLSCE-Anna-Kornelia_okladka-177x250.jpg 177w, https:\/\/piernikarka.pl\/wp-content\/uploads\/2022\/02\/PIERNIKI-W-POLSCE-Anna-Kornelia_okladka-17x24.jpg 17w, https:\/\/piernikarka.pl\/wp-content\/uploads\/2022\/02\/PIERNIKI-W-POLSCE-Anna-Kornelia_okladka-25x36.jpg 25w, https:\/\/piernikarka.pl\/wp-content\/uploads\/2022\/02\/PIERNIKI-W-POLSCE-Anna-Kornelia_okladka-34x48.jpg 34w, https:\/\/piernikarka.pl\/wp-content\/uploads\/2022\/02\/PIERNIKI-W-POLSCE-Anna-Kornelia_okladka-scaled.jpg 1811w\" sizes=\"auto, (max-width: 212px) 100vw, 212px\" \/><figcaption id=\"caption-attachment-1391\" class=\"wp-caption-text\">&#8222;Pierniki w Polsce. \u015aladami piernikarskiego rzemios\u0142a.&#8221; Monografia<\/figcaption><\/figure>\n<p><strong><span id=\"page58R_mcid1\" class=\"markedContent\"><span dir=\"ltr\" role=\"presentation\"><b>Zrealizowano w ramach stypendium Ministra Kultury i Dziedzictwa Narodowego<\/b><\/span><\/span><\/strong><\/p>\n<figure id=\"attachment_1146\" aria-describedby=\"caption-attachment-1146\" style=\"width: 300px\" class=\"wp-caption alignnone\"><img loading=\"lazy\" decoding=\"async\" id=\"longdesc-return-1146\" class=\"wpa-warning wpa-suspicious-alt size-medium wp-image-1146\" tabindex=\"-1\" src=\"https:\/\/piernikarka.pl\/wp-content\/uploads\/2022\/11\/01_znak_podstawowy_kolor_biale_tlo-300x84.png\" alt=\"logotyp\" width=\"300\" height=\"84\" longdesc=\"https:\/\/piernikarka.pl?longdesc=1146&amp;referrer=616\" data-warning=\"Suspicious alt text\" srcset=\"https:\/\/piernikarka.pl\/wp-content\/uploads\/2022\/11\/01_znak_podstawowy_kolor_biale_tlo-300x84.png 300w, https:\/\/piernikarka.pl\/wp-content\/uploads\/2022\/11\/01_znak_podstawowy_kolor_biale_tlo-1024x288.png 1024w, https:\/\/piernikarka.pl\/wp-content\/uploads\/2022\/11\/01_znak_podstawowy_kolor_biale_tlo-768x216.png 768w, https:\/\/piernikarka.pl\/wp-content\/uploads\/2022\/11\/01_znak_podstawowy_kolor_biale_tlo-269x76.png 269w, https:\/\/piernikarka.pl\/wp-content\/uploads\/2022\/11\/01_znak_podstawowy_kolor_biale_tlo-24x7.png 24w, https:\/\/piernikarka.pl\/wp-content\/uploads\/2022\/11\/01_znak_podstawowy_kolor_biale_tlo-36x10.png 36w, https:\/\/piernikarka.pl\/wp-content\/uploads\/2022\/11\/01_znak_podstawowy_kolor_biale_tlo-48x14.png 48w, https:\/\/piernikarka.pl\/wp-content\/uploads\/2022\/11\/01_znak_podstawowy_kolor_biale_tlo.png 1536w\" sizes=\"auto, (max-width: 300px) 100vw, 300px\" \/><figcaption id=\"caption-attachment-1146\" class=\"wp-caption-text\">MKiDN<\/figcaption><\/figure>\n<p>&nbsp;<\/p>\n<p>Z pocz\u0105tkiem roku otrzyma\u0142am informacj\u0119 o przyznaniu stypendium tw\u00f3rczego Ministra Kultury i Dziedzictwa Narodowego w dziedzinie &#8222;tw\u00f3rczo\u015b\u0107 ludowa.&#8221;<\/p>\n<p><span dir=\"ltr\" role=\"presentation\">Projekt &#8222;Pierniki w Polsce. \u015aladami piernikarskiego rzemios\u0142a&#8221;\u00a0 ma na celu opracowanie pierwszej monografii piernikarstwa w Polsce. Historia obecno\u015bci piernik\u00f3w w naszym <\/span><span dir=\"ltr\" role=\"presentation\">kraju si\u0119ga bowiem XIII wieku. W przeci\u0105gu kolejnych stuleci korzenny wypiek sta\u0142 si\u0119 elementem polskiego dziedzictwa kulturowego.\u00a0 <\/span><span dir=\"ltr\" role=\"presentation\">Pomimo d\u0142ugiej historii tradycje piernikarskie w Polsce nie doczeka\u0142y si\u0119 monograficznego, naukowego opracowania. G\u0142\u00f3wnym <\/span><span dir=\"ltr\" role=\"presentation\">celem projektu jest uzupe\u0142nienie tej luki. <\/span><\/p>\n<p><span dir=\"ltr\" role=\"presentation\">B\u0119dzie on realizowany poprzez: <\/span><\/p>\n<p><span dir=\"ltr\" role=\"presentation\">1) wywiady\u00a0<\/span><span dir=\"ltr\" role=\"presentation\"> dotycz\u0105ce zwyczaj\u00f3w i tradycji piernikarskich w wybranych regionach w Polsce;<\/span><\/p>\n<p><span dir=\"ltr\" role=\"presentation\">2) zinwentaryzowanie obiekt\u00f3w <\/span><span dir=\"ltr\" role=\"presentation\">zabytkowych <\/span><span dir=\"ltr\" role=\"presentation\">zwi\u0105zanych z piernikami, a znajduj\u0105cych si\u0119 w kolekcjach pa\u0144stwowych i prywatnych (w wersji elektronicznej); <\/span><\/p>\n<p><span dir=\"ltr\" role=\"presentation\">3) prowadzenie <\/span><span dir=\"ltr\" role=\"presentation\">spotka\u0144 <\/span><span dir=\"ltr\" role=\"presentation\">warsztatowych, ukazuj\u0105cych tradycje piernikarskie jako istotn\u0105 cz\u0119\u015b\u0107 dziedzictwa materialnego i niematerialnego w <\/span><span dir=\"ltr\" role=\"presentation\">pami\u0119ci lokalnych spo\u0142eczno\u015bci danego regionu, w kontek\u015bcie og\u00f3lnopolskim i europejskim;<\/span><\/p>\n<p><span dir=\"ltr\" role=\"presentation\"> 4) opracowanie monografii tematu w <\/span><span dir=\"ltr\" role=\"presentation\">postaci tekstu dost\u0119pnego online<\/span><\/p>\n<p><span dir=\"ltr\" role=\"presentation\"> 5) Przygotowanie wystawy wirtualnej &#8222;Pierniki w Polsce&#8221;. <\/span><\/p>\n<p><span dir=\"ltr\" role=\"presentation\">6) Wszystkie zebrane materia\u0142y i <\/span><span dir=\"ltr\" role=\"presentation\">publikacje zostan\u0105 umieszczone na stronie internetowej projektu, w otwartym dost\u0119pie. Stronie towarzysz\u0105 dzia\u0142anie w social <\/span><span dir=\"ltr\" role=\"presentation\">mediach. <\/span><\/p>\n<p><span dir=\"ltr\" role=\"presentation\">Stypendium umo\u017cliwi przeprowadzenie kwerend i spotka\u0144, a tak\u017ce odbycie licznych podr\u00f3\u017cy po Polsce, celem <\/span><span dir=\"ltr\" role=\"presentation\">przeprowadzenia bada\u0144 i udokumentowania pracy wsp\u00f3\u0142czesnych piernikarzy. Ze wzgl\u0119du na sytuacj\u0119 pandemiczn\u0105 dzia\u0142ania <\/span><br role=\"presentation\" \/><span dir=\"ltr\" role=\"presentation\">b\u0119d\u0105 realizowane tak\u017ce w Internecie i telefonicznie. O tym, \u017ce wytwarzanie piernik\u00f3w mo\u017ce by\u0107 wa\u017cnym elementem kultury <\/span><span dir=\"ltr\" role=\"presentation\">\u015bwiadczy wpisanie w 2010 roku \u201eSztuki wyrobu piernik\u00f3w z P\u00f3\u0142nocnej Chorwacji\u201d na List\u0119 niematerialnego dziedzictwa <\/span><span dir=\"ltr\" role=\"presentation\">kulturowego ludzko\u015bci UNESCO. Dlatego warto zwr\u00f3ci\u0107 uwag\u0119 na potencja\u0142 tradycji piernikarskich w Polsce, co jest celem tego <\/span><span dir=\"ltr\" role=\"presentation\">projektu.<\/span><\/p>\n<p><strong>Serdecznie zapraszam na fanpejd\u017ce projektu:<\/strong><\/p>\n<p>Projekt &#8222;Pierniki w Polsce&#8221; ma swoje strony w mediach spo\u0142eczno\u015bciowych na <a href=\"https:\/\/www.facebook.com\/PiernikiwPolsce\">Facebooku<\/a> oraz <a href=\"https:\/\/www.instagram.com\/pierniki_w_polsce\/\">Instagramie<\/a><\/p>\n<p>Stypendystka: Anna Kornelia J\u0119drzejewska<\/p>\n<p>Czas realizacji projektu: stycze\u0144 \u2013 grudzie\u0144 2022 r.<\/p>\n<p><strong><span id=\"page58R_mcid1\" class=\"markedContent\"><span dir=\"ltr\" role=\"presentation\"><b>Zrealizowano w ramach stypendium Ministra Kultury i Dziedzictwa Narodowego<\/b><\/span><\/span><\/strong><\/p>\n<figure id=\"attachment_1146\" aria-describedby=\"caption-attachment-1146\" style=\"width: 300px\" class=\"wp-caption alignnone\"><img loading=\"lazy\" decoding=\"async\" id=\"longdesc-return-1146\" class=\"wpa-warning wpa-suspicious-alt size-medium wp-image-1146\" tabindex=\"-1\" src=\"https:\/\/piernikarka.pl\/wp-content\/uploads\/2022\/11\/01_znak_podstawowy_kolor_biale_tlo-300x84.png\" alt=\"logotyp\" width=\"300\" height=\"84\" longdesc=\"https:\/\/piernikarka.pl?longdesc=1146&amp;referrer=616\" data-warning=\"Suspicious alt text\" srcset=\"https:\/\/piernikarka.pl\/wp-content\/uploads\/2022\/11\/01_znak_podstawowy_kolor_biale_tlo-300x84.png 300w, https:\/\/piernikarka.pl\/wp-content\/uploads\/2022\/11\/01_znak_podstawowy_kolor_biale_tlo-1024x288.png 1024w, https:\/\/piernikarka.pl\/wp-content\/uploads\/2022\/11\/01_znak_podstawowy_kolor_biale_tlo-768x216.png 768w, https:\/\/piernikarka.pl\/wp-content\/uploads\/2022\/11\/01_znak_podstawowy_kolor_biale_tlo-269x76.png 269w, https:\/\/piernikarka.pl\/wp-content\/uploads\/2022\/11\/01_znak_podstawowy_kolor_biale_tlo-24x7.png 24w, https:\/\/piernikarka.pl\/wp-content\/uploads\/2022\/11\/01_znak_podstawowy_kolor_biale_tlo-36x10.png 36w, https:\/\/piernikarka.pl\/wp-content\/uploads\/2022\/11\/01_znak_podstawowy_kolor_biale_tlo-48x14.png 48w, https:\/\/piernikarka.pl\/wp-content\/uploads\/2022\/11\/01_znak_podstawowy_kolor_biale_tlo.png 1536w\" sizes=\"auto, (max-width: 300px) 100vw, 300px\" \/><figcaption id=\"caption-attachment-1146\" class=\"wp-caption-text\">MKiDN<\/figcaption><\/figure>\n<p><strong>Dofinansowano ze \u015brodk\u00f3w Ministra Kultury i Dziedzictwa Narodowego<\/strong><\/p>\n<p>Szczeg\u00f3\u0142owy opis:<\/p>\n<p><strong><span dir=\"ltr\" role=\"presentation\">Pierniki w Polsce. \u015aladami piernikarskiego rzemios\u0142a.<\/span><\/strong><\/p>\n<p><span dir=\"ltr\" role=\"presentation\">Pierniki pomimo nies\u0142abn\u0105cej popularno\u015bci i d\u0142ugiej historii nie doczeka\u0142y si\u0119 monograficznego opracowania. W\u0142\u0105czone do kanonu <\/span><span dir=\"ltr\" role=\"presentation\">polskich potraw tradycyjnych pe\u0142ni\u0142y istotn\u0105 rol\u0119 w dialogu mi\u0119dzyludzkim, s\u0142u\u017c\u0105c jako ozdoba, podarunek, przek\u0105ska. Trudno <\/span><span dir=\"ltr\" role=\"presentation\">sobie wyobrazi\u0107 polskie \u015bwi\u0119ta Bo\u017cego Narodzenia czy jarmarki bez nich. Dotychczasowe badania skupia\u0142y si\u0119 na tradycjach <\/span><span dir=\"ltr\" role=\"presentation\">lokalnych i om\u00f3wieniu w\u0105skiej grupy zabytk\u00f3w (form), zwi\u0105zanych z danym regionem, bez kontekstu og\u00f3lnopolskiego. Pomimo <\/span><span dir=\"ltr\" role=\"presentation\">wzrostu zainteresowania piernikami i ich popularno\u015bci\u0105, nadal niewiele os\u00f3b zna ich dzieje i rol\u0119 kulturow\u0105. Projekt &#8222;Pierniki w <\/span><span dir=\"ltr\" role=\"presentation\">Polsce&#8230;&#8221; ma na celu wype\u0142nienie tej luki. Z w\u0142asnego do\u015bwiadczenia wiem, \u017ce takie opracowanie jest bardzo potrzebne w pracy <\/span><span dir=\"ltr\" role=\"presentation\">naukowc\u00f3w, tw\u00f3rc\u00f3w i artyst\u00f3w, regionalist\u00f3w, dziennikarzy, nauczycieli i uczni\u00f3w czy instytucji kultury. Sta\u0142o si\u0119 to dla mnie <\/span><span dir=\"ltr\" role=\"presentation\">inspiracj\u0105 do napisania projektu. Sk\u0142ada si\u0119 on z nast\u0119puj\u0105cych dzia\u0142a\u0144: <\/span><\/p>\n<p><span dir=\"ltr\" role=\"presentation\">1) Zbadanie i inwentaryzacja zabytk\u00f3w zwi\u0105zanych z <\/span><span dir=\"ltr\" role=\"presentation\">piernikarstwem w Polsce w kolekcjach muzealnych, prywatnych, bibliotekach i archiwach (pierniki, formy, pami\u0105tki cechowe, <\/span><span dir=\"ltr\" role=\"presentation\">narz\u0119dzia, dokumenty, przepisy itp.)<\/span><\/p>\n<p><span dir=\"ltr\" role=\"presentation\">2) Przeprowadzenie wywiad\u00f3w etnograficznych z osobami zajmuj\u0105cymi si\u0119 kontynuowaniem tradycji wypieku i zdobienia <\/span><br role=\"presentation\" \/><span dir=\"ltr\" role=\"presentation\">piernik\u00f3w, a tak\u017ce ze wsp\u00f3\u0142czesnymi tw\u00f3rcami (np. form piernikarskich). <\/span><\/p>\n<p><span dir=\"ltr\" role=\"presentation\">3) Zorganizowanie spotka\u0144 o charakterze wyk\u0142adowym i <\/span><span dir=\"ltr\" role=\"presentation\">warsztatowym w wybranych miejscowo\u015bciach, ukazuj\u0105cych lokalne tradycje piernikarskie jako istotn\u0105 cz\u0119\u015b\u0107 dziedzictwa. Cz\u0119\u015b\u0107 <\/span><span dir=\"ltr\" role=\"presentation\">spotka\u0144 odbywa\u0107 si\u0119 b\u0119dzie online. <\/span><\/p>\n<p><span dir=\"ltr\" role=\"presentation\">4) Opracowanie monografii tematu pt: \u201ePierniki w Polsce\u201d w postaci tekstu <\/span><span dir=\"ltr\" role=\"presentation\">dost\u0119pnego na stronie internetowej. 5) Przygotowanie wystawy wirtualnej &#8222;Pierniki w Polsce&#8221;. <\/span><\/p>\n<p><span dir=\"ltr\" role=\"presentation\">6) Wszystkie zebrane materia\u0142y i <\/span><span dir=\"ltr\" role=\"presentation\">publikacje zostan\u0105 umieszczone na stronie internetowej projektu, w otwartym dost\u0119pie. Stronie towarzysz\u0105 dzia\u0142anie w social <\/span><span dir=\"ltr\" role=\"presentation\">mediach. Stypendium umo\u017cliwi przeprowadzenie kwerend i spotka\u0144, a tak\u017ce odbycie licznych podr\u00f3\u017cy po Polsce, celem <\/span><span dir=\"ltr\" role=\"presentation\">przeprowadzenia bada\u0144 i udokumentowania pracy wsp\u00f3\u0142czesnych piernikarzy. Ze wzgl\u0119du na sytuacj\u0119 pandemiczn\u0105 dzia\u0142ania <\/span><span dir=\"ltr\" role=\"presentation\">b\u0119d\u0105 realizowane tak\u017ce w Internecie i telefonicznie. O tym, \u017ce wytwarzanie piernik\u00f3w mo\u017ce by\u0107 wa\u017cnym elementem kultury <\/span><span dir=\"ltr\" role=\"presentation\">\u015bwiadczy wpisanie w 2010 roku \u201eSztuki wyrobu piernik\u00f3w z P\u00f3\u0142nocnej Chorwacji\u201d na List\u0119 niematerialnego dziedzictwa <\/span><span dir=\"ltr\" role=\"presentation\">kulturowego ludzko\u015bci UNESCO. Dlatego warto zwr\u00f3ci\u0107 uwag\u0119 na potencja\u0142 tradycji piernikarskich w Polsce, co jest celem tego <\/span><span dir=\"ltr\" role=\"presentation\">projektu.<\/span><\/p>\n<p><span dir=\"ltr\" role=\"presentation\">Rezultaty przedsi\u0119wzi\u0119cia b\u0119d\u0105 na bie\u017c\u0105co upowszechniane na stronie internetowej stypendystki: www.piernikarka.pl oraz na <\/span><span dir=\"ltr\" role=\"presentation\">za\u0142o\u017conym profilu &#8222;Pierniki w Polsce&#8221; na Facebooku i Instagramie. Informacje b\u0119d\u0105 pojawia\u0107 si\u0119 w miar\u0119 mo\u017cliwo\u015bci w lokalnych i <\/span><span dir=\"ltr\" role=\"presentation\">og\u00f3lnopolskich mediach: prasie, telewizji, radiu. Dziennikarze b\u0119d\u0105 zapraszani na spotkania wyk\u0142adowe i warsztatowe, w czasie <\/span><span dir=\"ltr\" role=\"presentation\">kt\u00f3rych b\u0119dzie przybli\u017cana tematyka lokalnego dziedzictwa piernikarskiego, spotkania z tw\u00f3rcami ludowymi podtrzymuj\u0105cymi <\/span><span dir=\"ltr\" role=\"presentation\">pami\u0119\u0107 i umiej\u0119tno\u015bci\u00a0 oraz prezentowane obiekty zabytkowe (za pomoc\u0105 <\/span><br role=\"presentation\" \/><span dir=\"ltr\" role=\"presentation\">orygina\u0142\u00f3w lub zdj\u0119\u0107). Stypendystka b\u0119dzie prowadzi\u0142a wideo relacje dost\u0119pne na kana\u0142ach spo\u0142eczno\u015bciowych, tak by anga\u017cowa\u0107 <\/span><span dir=\"ltr\" role=\"presentation\">r\u00f3\u017cne grupy odbiorc\u00f3w, co jest szczeg\u00f3lnie wa\u017cne w przypadku sytuacji pandemicznej. Informacje o realizowanym <\/span><span dir=\"ltr\" role=\"presentation\">przedsi\u0119wzi\u0119ciu b\u0119d\u0105 rozsy\u0142ane do zainteresowanych grup spo\u0142eczno\u015bciowych, zajmuj\u0105cych si\u0119 badaniami tradycji kulinarnych <\/span><span dir=\"ltr\" role=\"presentation\">oraz dziedzictwem piernikarskim w Polsce i w na \u015bwiecie, a tak\u017ce opiek\u0105 nad zabytkami. Informacja o rezultatach bada\u0144 zostanie <\/span><span dir=\"ltr\" role=\"presentation\">przes\u0142ana do bibliotek, uczelni, muze\u00f3w, archiw\u00f3w, dom\u00f3w kultury oraz zainteresowanych szk\u00f3\u0142 w Polsce. Autorka b\u0119dzie r\u00f3wnie\u017c <\/span><span dir=\"ltr\" role=\"presentation\">uczestniczy\u0142a w konferencjach naukowych prezentuj\u0105c wyniki bada\u0144. Po napisaniu i opracowaniu graficznym, monografia zostanie <\/span><span dir=\"ltr\" role=\"presentation\">wys\u0142ana do okre\u015blonych we wniosku odbiorc\u00f3w oraz do stowarzysze\u0144 i instytucji. Na stronie internetowej stypendystki oraz na <\/span><span dir=\"ltr\" role=\"presentation\">profilach projektu udost\u0119pnione b\u0119dzie wystawa .<\/span><\/p>\n<ul>\n<li>Zach\u0119cam do kontaktu: Anna Kornelia J\u0119drzejewska<\/li>\n<li>piernikarka@wp.pl<\/li>\n<\/ul>\n<p>&nbsp;<\/p>\n<p>================================================<\/p>\n<h6>W roku 2021 realizowano projekt:<\/h6>\n<p><img loading=\"lazy\" decoding=\"async\" id=\"longdesc-return-618\" class=\"alignnone wp-image-618\" tabindex=\"-1\" src=\"https:\/\/piernikarka.pl\/wp-content\/uploads\/2021\/02\/\u201ePierniki-w-kujawsko-pomorskim.-Regionalny-szlak-kulturowy-zabytk\u00f3w-oraz-dawnych-i-wsp\u00f3\u0142czesnych-zwyczaj\u00f3w-zwi\u0105zanych-z-piernikarstwem\u201d..jpg\" alt=\"tytu\u0142 projektu\" width=\"702\" height=\"589\" longdesc=\"https:\/\/piernikarka.pl?longdesc=618&amp;referrer=616\" srcset=\"https:\/\/piernikarka.pl\/wp-content\/uploads\/2021\/02\/\u201ePierniki-w-kujawsko-pomorskim.-Regionalny-szlak-kulturowy-zabytk\u00f3w-oraz-dawnych-i-wsp\u00f3\u0142czesnych-zwyczaj\u00f3w-zwi\u0105zanych-z-piernikarstwem\u201d..jpg 940w, https:\/\/piernikarka.pl\/wp-content\/uploads\/2021\/02\/\u201ePierniki-w-kujawsko-pomorskim.-Regionalny-szlak-kulturowy-zabytk\u00f3w-oraz-dawnych-i-wsp\u00f3\u0142czesnych-zwyczaj\u00f3w-zwi\u0105zanych-z-piernikarstwem\u201d.-300x251.jpg 300w, https:\/\/piernikarka.pl\/wp-content\/uploads\/2021\/02\/\u201ePierniki-w-kujawsko-pomorskim.-Regionalny-szlak-kulturowy-zabytk\u00f3w-oraz-dawnych-i-wsp\u00f3\u0142czesnych-zwyczaj\u00f3w-zwi\u0105zanych-z-piernikarstwem\u201d.-768x644.jpg 768w, https:\/\/piernikarka.pl\/wp-content\/uploads\/2021\/02\/\u201ePierniki-w-kujawsko-pomorskim.-Regionalny-szlak-kulturowy-zabytk\u00f3w-oraz-dawnych-i-wsp\u00f3\u0142czesnych-zwyczaj\u00f3w-zwi\u0105zanych-z-piernikarstwem\u201d.-430x360.jpg 430w, https:\/\/piernikarka.pl\/wp-content\/uploads\/2021\/02\/\u201ePierniki-w-kujawsko-pomorskim.-Regionalny-szlak-kulturowy-zabytk\u00f3w-oraz-dawnych-i-wsp\u00f3\u0142czesnych-zwyczaj\u00f3w-zwi\u0105zanych-z-piernikarstwem\u201d.-24x20.jpg 24w, https:\/\/piernikarka.pl\/wp-content\/uploads\/2021\/02\/\u201ePierniki-w-kujawsko-pomorskim.-Regionalny-szlak-kulturowy-zabytk\u00f3w-oraz-dawnych-i-wsp\u00f3\u0142czesnych-zwyczaj\u00f3w-zwi\u0105zanych-z-piernikarstwem\u201d.-36x30.jpg 36w, https:\/\/piernikarka.pl\/wp-content\/uploads\/2021\/02\/\u201ePierniki-w-kujawsko-pomorskim.-Regionalny-szlak-kulturowy-zabytk\u00f3w-oraz-dawnych-i-wsp\u00f3\u0142czesnych-zwyczaj\u00f3w-zwi\u0105zanych-z-piernikarstwem\u201d.-48x40.jpg 48w\" sizes=\"auto, (max-width: 702px) 100vw, 702px\" \/><\/p>\n<h6><strong>\u201ePierniki w kujawsko-pomorskim. Regionalny szlak kulturowy zabytk\u00f3w oraz dawnych i wsp\u00f3\u0142czesnych zwyczaj\u00f3w zwi\u0105zanych z piernikarstwem\u201d.<\/strong><\/h6>\n<p>\u2013 to tytu\u0142 projektu maj\u0105cego na celu ewidencj\u0119 zabytk\u00f3w maj\u0105cych zwi\u0105zek z wypiekiem piernik\u00f3w oraz udokumentowanie dzia\u0142alno\u015bci os\u00f3b, firm, zak\u0142ad\u00f3w zajmuj\u0105cych si\u0119 tym rzemios\u0142em i przemys\u0142em, a tym samym popularyzacj\u0119 tradycji piernikarskich regionu. <strong>Wojew\u00f3dztwo Kujawsko-Pomorskie jest prawdopodobnie jedynym w Polsce, kt\u00f3rego zwi\u0105zki z wypiekiem piernik\u00f3w nie tylko si\u0119gaj\u0105 \u015bredniowiecza ale co najwa\u017cniejsze, s\u0105 nieprzerwanie kontynuowane.<\/strong> Stanowi to nie tylko ewenement w skali og\u00f3lnopolskiej, ale tak\u017ce \u015bwiatowej. Realizowane zadanie ma na celu tak\u017ce podkre\u015blenie tej unikalnej warto\u015bci.<\/p>\n<p>W ramach prowadzonej rozprawy doktorskiej, zauwa\u017cy\u0142am, \u017ce problematyka piernikarstwa <strong>wyrasta poza obszar Torunia i w wielu miejscowo\u015bciach naszego regionu znane s\u0105 tradycje zwi\u0105zane z produkcj\u0105 piernik\u00f3w<\/strong>. Zachowane s\u0105 one zar\u00f3wno w formie informacji \u017ar\u00f3d\u0142owych, archiwalnych, ikonograficznych. Bogate \u017ar\u00f3d\u0142o stanowi\u0142a niew\u0105tpliwie lokalna prasa.<\/p>\n<p>Zabytki zwi\u0105zane z piernikarstwem s\u0105 przechowywane w zbiorach muzealnych m.in. Grudzi\u0105dza, Bydgoszczy, W\u0142oc\u0142awka, jak i oczywi\u015bcie Torunia. Tylko Muzeum Okr\u0119gowe w Toruniu dotychczas doczeka\u0142o si\u0119 katalog\u00f3w inwentaryzuj\u0105cych zbiory \u2013 aczkolwiek tylko w zakresie form piernikarskich, nie wspominaj\u0105c o zabytkach cechowych czy innych z zakresu rzemios\u0142a artystycznego czy ikonografii.<\/p>\n<p>&nbsp;<\/p>\n<p><strong>Projekt stypendialny b\u0119dzie mia\u0142 na celu:<\/strong><\/p>\n<p>1) zinwentaryzowanie obiekt\u00f3w zabytkowych zwi\u0105zanych z piernikami, a znajduj\u0105cych si\u0119 w kolekcjach samorz\u0105dowych i prywatnych w naszym regionie.<\/p>\n<p>2) przeprowadzenie wywiad\u00f3w etnograficznych dotycz\u0105cych dawnych i wsp\u00f3\u0142czesnych \u00a0zwyczaj\u00f3w i tradycji piernikarskich w wojew\u00f3dztwie kujawsko-pomorskim<\/p>\n<p>3) przeprowadzenie spotka\u0144 warsztatowych, wyk\u0142adowych i prelekcji ukazuj\u0105cych miejscowe tradycje piernikarskie jako istotn\u0105 cz\u0119\u015b\u0107 dziedzictwa materialnego i niematerialnego w pami\u0119ci lokalnych spo\u0142eczno\u015bci danego regionu, w kontek\u015bcie og\u00f3lnopolskim i europejskim<\/p>\n<p>4) przygotowanie <strong>monografii<\/strong> &#8211; publikacji z wykazem zabytk\u00f3w, opisem zwyczaj\u00f3w oraz wytyczeniem tytu\u0142owego szlaku w formie <strong>mapy<\/strong><\/p>\n<p>5) popularyzacj\u0119 wynik\u00f3w w przestrzeni Internetu, zar\u00f3wno w mediach spo\u0142eczno\u015bciach na specjalnie za\u0142o\u017conych profilach zadania jak i na stronie <a href=\"http:\/\/www.piernikarka.pl\">www.piernikarka.pl<\/a><\/p>\n<p>6)\u00a0 edukacj\u0119 poprzez prowadzenie wideorelacji i wpis\u00f3w dost\u0119pnych na kana\u0142ach spo\u0142eczno\u015bciowych, tak by zaanga\u017cowa\u0107 r\u00f3\u017cne grupy odbiorc\u00f3w.<\/p>\n<p>7) jako podsumowanie projektu powstanie <strong>wirtualna wystawa w sieci<\/strong> prezentuj\u0105ca przebieg i efekty zadania.<\/p>\n<p>&nbsp;<\/p>\n<p><strong>Ze wzgl\u0119du na pandemi\u0119 i restrykcje sanitarne oraz ograniczenia w bezpo\u015brednich kontaktach <\/strong>projekt pomy\u015blany jest w taki spos\u00f3b, \u017ce mo\u017ce by\u0107 wykonany i realizowany tak\u017ce zdalnie.<\/p>\n<p>Odbiorcami projektu b\u0119d\u0105 z jednej strony badacze zajmuj\u0105cy si\u0119 opracowywaniem historii kulinari\u00f3w, z drugiej muzealnicy, ale tak\u017ce osoby popularyzuj\u0105ce wiedz\u0119 o regionie w szko\u0142ach<\/p>\n<p>O tym, \u017ce wytwarzanie piernik\u00f3w mo\u017ce by\u0107 wa\u017cnym elementem kultury \u015bwiadczy wpisanie w 2010 roku \u201eSztuki wyrobu piernik\u00f3w z P\u00f3\u0142nocnej Chorwacji\u201d na List\u0119 niematerialnego dziedzictwa kulturowego ludzko\u015bci UNESCO. <strong>Realizacja zadania mo\u017ce przyczyni\u0107 si\u0119 do ochrony zabytk\u00f3w piernikarskich oraz zwyczaj\u00f3w zwi\u0105zanych z wytwarzaniem i dystrybucj\u0105 piernik\u00f3w a tak\u017ce do pog\u0142\u0119bienia oraz popularyzowania wiedzy o tradycji ich wypieku w naszym regionie<\/strong>. By\u0107 mo\u017ce w dalszej perspektywie przyczyni si\u0119 do powstania wpisu lokalnych zwyczaj\u00f3w\u00a0 na Krajow\u0105 List\u0119 Dziedzictwa Niematerialnego, b\u0119d\u0105cego pierwszym krokiem w stron\u0119 uzyskania rejestracji na list\u0119 UNESCO.<\/p>\n<p>Stypendystka: Anna Kornelia J\u0119drzejewska<\/p>\n<p>Czas realizacji projektu: stycze\u0144 &#8211; grudzie\u0144 2021 roku<\/p>\n<p>Strona projektu &#8222;Pierniki w kujawsko-pomorskim&#8221;jest dost\u0119pna na <a href=\"https:\/\/www.facebook.com\/pierniki.kujawskopomorskie\">Facebooku<\/a> oraz<a href=\"https:\/\/www.instagram.com\/pierniki_w_kujawsko_pomorskim\/\"> Instagramie<\/a><\/p>\n<p><img loading=\"lazy\" decoding=\"async\" class=\"alignnone size-medium wp-image-617\" src=\"http:\/\/piernikarka.pl\/wp-content\/uploads\/2021\/02\/147877780_358717948495685_8206343560619635892_o-300x300.jpg\" alt=\"\" width=\"300\" height=\"300\" srcset=\"https:\/\/piernikarka.pl\/wp-content\/uploads\/2021\/02\/147877780_358717948495685_8206343560619635892_o-300x300.jpg 300w, https:\/\/piernikarka.pl\/wp-content\/uploads\/2021\/02\/147877780_358717948495685_8206343560619635892_o-1024x1024.jpg 1024w, https:\/\/piernikarka.pl\/wp-content\/uploads\/2021\/02\/147877780_358717948495685_8206343560619635892_o-150x150.jpg 150w, https:\/\/piernikarka.pl\/wp-content\/uploads\/2021\/02\/147877780_358717948495685_8206343560619635892_o-768x768.jpg 768w, https:\/\/piernikarka.pl\/wp-content\/uploads\/2021\/02\/147877780_358717948495685_8206343560619635892_o-380x380.jpg 380w, https:\/\/piernikarka.pl\/wp-content\/uploads\/2021\/02\/147877780_358717948495685_8206343560619635892_o-24x24.jpg 24w, https:\/\/piernikarka.pl\/wp-content\/uploads\/2021\/02\/147877780_358717948495685_8206343560619635892_o-36x36.jpg 36w, https:\/\/piernikarka.pl\/wp-content\/uploads\/2021\/02\/147877780_358717948495685_8206343560619635892_o-48x48.jpg 48w, https:\/\/piernikarka.pl\/wp-content\/uploads\/2021\/02\/147877780_358717948495685_8206343560619635892_o.jpg 1440w\" sizes=\"auto, (max-width: 300px) 100vw, 300px\" \/><\/p>\n<p>Zadanie realizowane w ramach stypendium Marsza\u0142ka Wojew\u00f3dztwa Kujawsko-Pomorskiego z zakresu opieki nad zabytkami.<\/p>\n<p><img loading=\"lazy\" decoding=\"async\" class=\"alignnone wp-image-620\" src=\"http:\/\/piernikarka.pl\/wp-content\/uploads\/2021\/02\/147351657_359035615130585_863975309328089277_n-300x300.jpg\" alt=\"\" width=\"266\" height=\"266\" srcset=\"https:\/\/piernikarka.pl\/wp-content\/uploads\/2021\/02\/147351657_359035615130585_863975309328089277_n-300x300.jpg 300w, https:\/\/piernikarka.pl\/wp-content\/uploads\/2021\/02\/147351657_359035615130585_863975309328089277_n-150x150.jpg 150w, https:\/\/piernikarka.pl\/wp-content\/uploads\/2021\/02\/147351657_359035615130585_863975309328089277_n-380x380.jpg 380w, https:\/\/piernikarka.pl\/wp-content\/uploads\/2021\/02\/147351657_359035615130585_863975309328089277_n-24x24.jpg 24w, https:\/\/piernikarka.pl\/wp-content\/uploads\/2021\/02\/147351657_359035615130585_863975309328089277_n-36x36.jpg 36w, https:\/\/piernikarka.pl\/wp-content\/uploads\/2021\/02\/147351657_359035615130585_863975309328089277_n-48x48.jpg 48w, https:\/\/piernikarka.pl\/wp-content\/uploads\/2021\/02\/147351657_359035615130585_863975309328089277_n.jpg 706w\" sizes=\"auto, (max-width: 266px) 100vw, 266px\" \/><img loading=\"lazy\" decoding=\"async\" class=\"alignnone size-medium wp-image-621\" src=\"http:\/\/piernikarka.pl\/wp-content\/uploads\/2021\/02\/147540887_359035501797263_6950839071484028064_n-300x300.jpg\" alt=\"\" width=\"300\" height=\"300\" srcset=\"https:\/\/piernikarka.pl\/wp-content\/uploads\/2021\/02\/147540887_359035501797263_6950839071484028064_n-300x300.jpg 300w, https:\/\/piernikarka.pl\/wp-content\/uploads\/2021\/02\/147540887_359035501797263_6950839071484028064_n-150x150.jpg 150w, https:\/\/piernikarka.pl\/wp-content\/uploads\/2021\/02\/147540887_359035501797263_6950839071484028064_n-768x768.jpg 768w, https:\/\/piernikarka.pl\/wp-content\/uploads\/2021\/02\/147540887_359035501797263_6950839071484028064_n-380x380.jpg 380w, https:\/\/piernikarka.pl\/wp-content\/uploads\/2021\/02\/147540887_359035501797263_6950839071484028064_n-24x24.jpg 24w, https:\/\/piernikarka.pl\/wp-content\/uploads\/2021\/02\/147540887_359035501797263_6950839071484028064_n-36x36.jpg 36w, https:\/\/piernikarka.pl\/wp-content\/uploads\/2021\/02\/147540887_359035501797263_6950839071484028064_n-48x48.jpg 48w, https:\/\/piernikarka.pl\/wp-content\/uploads\/2021\/02\/147540887_359035501797263_6950839071484028064_n.jpg 960w\" sizes=\"auto, (max-width: 300px) 100vw, 300px\" \/><\/p>\n<h6><strong>Wpisy na blogu zwi\u0105zane z projektem:<\/strong><\/h6>\n<ol>\n<li><a href=\"http:\/\/www.piernikarka.pl\/index.php\/2021\/02\/09\/oskar-kolberg-kujawy-i-pierniki\/\">Oskar Kolberg. Kujawy i pierniki.<\/a><\/li>\n<li><a href=\"http:\/\/www.piernikarka.pl\/index.php\/2021\/02\/28\/kujawskie-pierniki-z-ziemniakami\/\">Kujawskie pierniki z ziemniakami.<\/a><\/li>\n<li><a href=\"https:\/\/piernikarka.pl\/index.php\/2021\/03\/14\/sugar-fairy-tales-recenzja\/\">&#8222;Sugar fairy tales&#8221; &#8211; recenzja ksi\u0105\u017cki Jowity Woszczy\u0144\u015bkiej<\/a><\/li>\n<li><a href=\"https:\/\/piernikarka.pl\/index.php\/2021\/03\/21\/torunskie-pierniki-na-wystawie\/\">Toru\u0144skie pierniki na wystawie &#8222;Komtur&#8221; w 1930 r.<\/a><\/li>\n<li><a href=\"https:\/\/piernikarka.pl\/index.php\/2021\/05\/01\/rodzinny_przepis\/\">Rodzinny przepis na pierniki szare na karmelu<\/a><\/li>\n<li><a href=\"https:\/\/piernikarka.pl\/index.php\/2021\/11\/25\/wystawa-stypendialna\/\">Wystawa stypendialna<\/a><\/li>\n<li><a href=\"https:\/\/piernikarka.pl\/index.php\/2021\/12\/30\/mapa\/\">Mapa Szlaku Piernikarskiego<\/a><\/li>\n<\/ol>\n<p>&nbsp;<\/p>\n<p>Ponadto na fanpejd\u017cu projektu na Facebooku i Instagramie regularnie pojawiaj\u0105 si\u0119 informacje \u017ar\u00f3d\u0142owe z archiwalnych wyda\u0144 gazet z naszego regionu.<\/p>\n<p>========================================================================================<\/p>\n<p>&nbsp;<\/p>\n<p>&nbsp;<\/p>\n","protected":false},"excerpt":{"rendered":"<p>Aktualny projekt: &#8222;Pierniki w Polsce. \u015aladami piernikarskiego rzemios\u0142a&#8221;.MONOGRAFIA. Stypendium Tw\u00f3rcze Ministra Kultury i Dziedzictwa Narodowego w dziedzinie &#8222;tw\u00f3rczo\u015b\u0107 &hellip;<\/p>\n","protected":false},"author":1,"featured_media":618,"parent":0,"menu_order":0,"comment_status":"closed","ping_status":"closed","template":"","meta":{"footnotes":""},"class_list":["post-616","page","type-page","status-publish","has-post-thumbnail","hentry"],"_links":{"self":[{"href":"https:\/\/piernikarka.pl\/index.php\/wp-json\/wp\/v2\/pages\/616","targetHints":{"allow":["GET"]}}],"collection":[{"href":"https:\/\/piernikarka.pl\/index.php\/wp-json\/wp\/v2\/pages"}],"about":[{"href":"https:\/\/piernikarka.pl\/index.php\/wp-json\/wp\/v2\/types\/page"}],"author":[{"embeddable":true,"href":"https:\/\/piernikarka.pl\/index.php\/wp-json\/wp\/v2\/users\/1"}],"replies":[{"embeddable":true,"href":"https:\/\/piernikarka.pl\/index.php\/wp-json\/wp\/v2\/comments?post=616"}],"version-history":[{"count":19,"href":"https:\/\/piernikarka.pl\/index.php\/wp-json\/wp\/v2\/pages\/616\/revisions"}],"predecessor-version":[{"id":1573,"href":"https:\/\/piernikarka.pl\/index.php\/wp-json\/wp\/v2\/pages\/616\/revisions\/1573"}],"wp:featuredmedia":[{"embeddable":true,"href":"https:\/\/piernikarka.pl\/index.php\/wp-json\/wp\/v2\/media\/618"}],"wp:attachment":[{"href":"https:\/\/piernikarka.pl\/index.php\/wp-json\/wp\/v2\/media?parent=616"}],"curies":[{"name":"wp","href":"https:\/\/api.w.org\/{rel}","templated":true}]}}